{"version":"1.0","provider_name":"Var\u00e1zsdoboz","provider_url":"https:\/\/varazsdoboz.cafeblog.hu","author_name":"Kinga","author_url":"https:\/\/varazsdoboz.cafeblog.hu\/author\/kingasziroviczagmail-com\/","title":"\u00cdt\u00e9let helyett","html":"<p><strong>El\u0151fordult m\u00e1r veled valaha, hogy \u00edt\u00e9letet alkott\u00e1l m\u00e1sokr\u00f3l? Hogy megjegyz\u00e9st tett\u00e9l valakinek a st\u00edlus\u00e1ra, a s\u00faly\u00e1ra, az \u00f6lt\u00f6zk\u00f6d\u00e9s\u00e9re, a viselked\u00e9s\u00e9re? \u00c9l a k\u00f6rnyezetedben, vagy az ismeretts\u00e9gi k\u00f6r\u00f6dben olyan, aki valamilyen jelz\u0151t hord a h\u00e1t\u00e1n - <em>ribanc, okostoj\u00e1s, dagi, cicababa, divatmajom, neb\u00e1ntsvir\u00e1g?<\/em> \u00cdt\u00e9lt\u00e9l m\u00e1r meg valakit alaptalanul? Titul\u00e1lt\u00e1l m\u00e1r <em>g\u00e1znak, felh\u00e1bor\u00edt\u00f3nak, undor\u00edt\u00f3nak<\/em> m\u00e1sok cselekedeteit? Milyen alapon tetted?\u00a0<\/strong><\/p>\r\n<p>A leg\u00fajabb m\u00e9diacirkusz a nyilv\u00e1nos szoptat\u00e1s k\u00f6r\u00fcl zajlik. A legf\u0151bb t\u00e9ma tal\u00e1n nem is az err\u0151l \u00edr\u00f3dott cikkek, hanem az alatta tal\u00e1lhat\u00f3 kommentek. A N\u0151k Lapja cikkj\u00e9b\u0151l szemezgettem.<\/p>\r\n<p><span style=\"color: #33cccc\"><em>Az anyuk\u00e1k mell\u00e9nek l\u00e1tv\u00e1nya legyen a f\u00e9rjeik privil\u00e9giuma, engem ne \"tiszteljen\" meg azzal egy n\u0151 sem, hogy csak \u00fagy kificcenti az eml\u0151j\u00e9t az utc\u00e1n.<\/em><\/span><\/p>\r\n<p><span style=\"color: #33cccc\"><em>Mi\u00e9rt kell m\u00e1s n\u0151k melleivel \u00f6sszefutnom, ha nem akarok?<\/em><\/span><\/p>\r\n<p><span style=\"color: #33cccc\"><em>Aki a szoptat\u00e1st \u00e9s a b\u00fcfiz\u00e9st-h\u00e1ny\u00e1st undor\u00edt\u00f3nak tartja, undorodhat saj\u00e1t mag\u00e1t\u00f3l is, mert kisbabak\u00e9nt ugyanezt csin\u00e1lta...<\/em><\/span><\/p>\r\n<p><span style=\"color: #33cccc\"><em>H\u00e1nyszor l\u00e1tt\u00e1l m\u00e1r \u00e9letedben idegen \"cs\u00f6cs\u00f6ket\", amint \u00e9ppen \"idegen k\u00f6lk\u00f6k cuppogj\u00e1k\" nyilv\u00e1nosan?<\/em><\/span><\/p>\r\n<p><span style=\"color: #33cccc\"><em>Undorodom t\u0151le, mert \u00e1llatias dolognak tartom, nem igaz hogy a sok \u00f6szt\u00f6nl\u00e9ny \u0151sanya nem b\u00edr mag\u00e1val \u00e9s \u00fagy gondolja, hogy mindenkinek kiv\u00e9tel n\u00e9lk\u00fcl t\u00e9rdre kell rogyni az el\u0151tt hogy \u0151 most szoptat, mintha a Megv\u00e1lt\u00f3t szoptatn\u00e1 vagy nem is tudom.<\/em><\/span><\/p>\r\n<p>\u00c9s mi van a plus size kamp\u00e1nyokkal? Vagy azzal, amikor term\u00e9szetes \u00e9s \u00e1tlagos n\u0151k mutatj\u00e1k meg magukat bikiniben, vagy an\u00e9lk\u00fcl? Olvastad m\u00e1r a kommenteket?<\/p>\r\n<p><span style=\"color: #33cccc\"><em>Nem k\u00e9ne villogni a dagadt sonk\u00e1kkal. El kellene bujdokolni zs\u00e1kba \u00f6lt\u00f6zni, \u00e9s 1 \u00e9vig tart\u00f3 fogy\u00f3k\u00far\u00e1val megszabadulni a zs\u00edrt\u00f3l.<\/em><\/span><\/p>\r\n<p><span style=\"color: #33cccc\"><em>Neh\u00e9z is cipelni plusz 23 kil\u00f3 h\u00e1jat.<\/em><\/span><\/p>\r\n<p>Ebben az elv\u00e1r\u00e1sk\u00f6zpont\u00fa vil\u00e1gban \u00e1ltal\u00e1ban k\u00e9t v\u00e9glet k\u00f6z\u00f6tt mozgunk - akik fejet hajtanak a m\u00e9dia \u00e9s a t\u00e1rsadalom \u00e1ltal sugallt \"megmondom milyen legy\u00e9l\" elv\u00e1r\u00e1soknak \u00e9s van az a csoport, akik ink\u00e1bb a szellemi \u00e9s testi szabads\u00e1g elv\u00e9t k\u00e9pviselik. A v\u00e9lem\u00e9nnyilv\u00e1n\u00edt\u00e1s kult\u00far\u00e1ja Eur\u00f3p\u00e1ban m\u00e9g nagyon gyerekcip\u0151ben j\u00e1r. A becsm\u00e9rl\u00e9s, a min\u0151s\u00edt\u00e9s mindennapos jelens\u00e9g. K\u00e9t aktu\u00e1lis t\u00e9m\u00e1t emeltem ki, de sajnos a probl\u00e9ma az \u00e9let t\u00f6bbi ter\u00fclet\u00e9n is jelen van.\u00a0<\/p>\r\n[caption id=\"attachment_715\" align=\"aligncenter\" width=\"600\"]<a href=\"https:\/\/varazsdoboz.cafeblog.hu\/files\/2015\/05\/keep-calm-silence-is-better-than-bullshit.png\"><img class=\"size-large wp-image-715\" src=\"https:\/\/varazsdoboz.cafeblog.hu\/files\/2015\/05\/keep-calm-silence-is-better-than-bullshit-600x415.png\" alt=\"K\u00e9p innen: www.keepcalm-o-matic.co.uk\" width=\"600\" height=\"415\" \/><\/a> K\u00e9p innen: www.keepcalm-o-matic.co.uk[\/caption]\r\n<p>Term\u00e9szet\u00fcnkn\u00e9l fogva alkotunk v\u00e9lem\u00e9nyt, skatuly\u00e1zzuk be a k\u00f6r\u00fcl\u00f6tt\u00fcnk t\u00f6rt\u00e9n\u0151 esem\u00e9nyeket \u00e9s <strong>t\u00f6k\u00e9letes indokunk van arra,<\/strong> hogy mi\u00e9rt vagyunk azon az \u00e1ll\u00e1sponton, amit k\u00e9pvisel\u00fcnk. <em>Valaki nem \u00e9rt egyet? Biztosan meghibbant!<\/em> Az, hogy ki mit gondol egy adott jelens\u00e9gr\u0151l, oda vezethet\u0151 vissza, hogy az egy\u00e9n milyen \u00e9rt\u00e9krendet k\u00e9pvisel. Az \u00e9rt\u00e9krend\u00fcnk meghat\u00e1roz\u00e1sa \u00e1ltal\u00e1ban a sz\u00fcleink \u00e1ltal bel\u00e9nk nevelt, magunk el\u00e9 t\u00e1masztott elv\u00e1r\u00e1sokb\u00f3l, a felvett viselked\u00e9sform\u00e1kb\u00f3l \u00e9s a k\u00f6rnyezet\u00fcnkben mozg\u00f3 emberek \u00e9rt\u00e9krendj\u00e9b\u0151l \u00e9p\u00fcl fel. Ezek alapj\u00e1n alkotjuk meg a <strong>vit\u00e1t nem \u00e9rdeml\u0151 v\u00e9lem\u00e9ny\u00fcnket,<\/strong> melyhez azt\u00e1n b\u0151szen tartjuk magunkat.<\/p>\r\n<p>A helyes v\u00e9lem\u00e9nnyilv\u00e1n\u00edt\u00e1s kult\u00far\u00e1j\u00e1t tanulni lehet \u00e9s kell is, hiszen rengeteg cirkusz, \u00f6sszek\u00fcl\u00f6nb\u00f6z\u00e9s elker\u00fclhet\u0151 lenne \u00e1ltala. N\u00e9zz\u00fck csak a fenti p\u00e1r kommentet, amit kiemeltem a cikkek al\u00f3l:<strong> \u00c9szrevetted, hogy egyik sem arr\u00f3l sz\u00f3l, hogy mag\u00e1t a kommentel\u0151t hogyan \u00e9rinti egy-egy jelens\u00e9g?<\/strong> A szoptat\u00f3s any\u00e1kat vagy \u00f3cs\u00e1rolom, vagy isten\u00edtem. A t\u00fals\u00falyos, vagy plus size n\u0151ket vagy undor\u00edt\u00f3nak tartom, vagy elfogadom. Nincs \u00e1tmenet, csak kett\u0151ss\u00e9g, <strong>A v\u00e9lem\u00e9ny <\/strong>\u00e9s<strong> B v\u00e9lem\u00e9ny.<\/strong>\u00a0<\/p>\r\n<p><strong>A v\u00e9lem\u00e9nnyilv\u00e1n\u00edt\u00e1s megfelel\u0151 form\u00e1j\u00e1ban elmondom, \u00e9n mit gondolok egy adott t\u00e9ma kapcs\u00e1n, a saj\u00e1t szemsz\u00f6gemb\u0151l, \u00fagy, hogy ezzel nem s\u00e9rtek meg senkit, nem aggatok jelz\u0151ket m\u00e1sokra, illetve elfogadom \u00e9s tiszteletben tartom m\u00e1sok n\u00e9ha elt\u00e9r\u0151 v\u00e9lem\u00e9ny\u00e9t. <\/strong>Ha mindki egyet\u00e9rtene, akkor ugyanolyan aut\u00f3val j\u00e1rn\u00e1nk, ugyanazokat a ruhadarabokat viseln\u00e9nk, \u00e9s ugyanolyan sz\u00edn\u0171re festen\u00e9nk a falakat az otthonunkban. Ugyanazokat az \u00e9teleket enn\u00e9nk, ugyanazokat a f\u00e9rfiakat szeretn\u00e9nk \u00e9s ugyanolyan sz\u00edn\u0171re festen\u00e9nk a hajunkat.<\/p>\r\n<p>A\u00a0legt\u00f6bb konfliktus abb\u00f3l alakul ki, hogy a v\u00e9lem\u00e9nyk\u00fcl\u00f6nbs\u00e9g kinyilv\u00e1n\u00edt\u00e1sa egy id\u0151 ut\u00e1n szem\u00e9lyesked\u00e9sbe megy \u00e1t, \u00e9s a helyes \u00e9rvel\u00e9s \u00e9s a megfelel\u0151 kommunik\u00e1ci\u00f3 alkalmaz\u00e1sa helyett azzal foglalkozunk, hogyan tudn\u00e1nk vitapartner\u00fcnket min\u00e9l jobban le\u00e9p\u00edteni, min\u00e9l er\u0151teljesebb \u00e9s s\u00e9rt\u0151bb jelz\u0151ket aggatni r\u00e1 \u00e9s min\u00e9l ink\u00e1bb lekezelni, lealacsony\u00edtani a v\u00e9lem\u00e9nye miatt.<\/p>\r\n<p>El\u00edt\u00e9lni valakit r\u00e1n\u00e9z\u00e9sre, a s\u00falya miatt, vagy undor\u00edt\u00f3nak titul\u00e1lni egy gyermek\u00e9t szoptat\u00f3 \u00e9desany\u00e1t. Ostob\u00e1nak nevezni azokat, akik m\u00e1s \u00e9rt\u00e9krend szerint \u00e9lik az \u00e9let\u00fcket, vagy leribancozni azt az egy\u00e9nt, aki a hely\u00fcnkbe l\u00e9pett a t\u00f6nkrement p\u00e1rkapcsolatunkban. Felh\u00e1bor\u00edt\u00f3nak \u00edt\u00e9lni meg a szomsz\u00e9dunkat az\u00e9rt, mert m\u00e1r megint egy \u00faj pasit vitt fel a lak\u00e1s\u00e1ba. Pl\u00e1ne, ha minden nap m\u00e1sikat!\u00a0<\/p>\r\n<p>Gondold v\u00e9gig \u0151szint\u00e9n... Mi k\u00f6z\u00f6d van hozz\u00e1? Mennyiben korl\u00e1toz t\u00e9ged az, ha valakinek az a kiv\u00e1gott piros ing tetszik, vagy ha a bar\u00e1tn\u0151d felszedett plusz 5 kil\u00f3t. A te \u00e9letedet mennyire befoly\u00e1solja az, ha Csilluka megcsalja a p\u00e1rj\u00e1t, vagy ha J\u00f3zsika m\u00e9ly\u00fclep\u0171 nadr\u00e1got vett fel?<\/p>\r\n<p>Az \u00e9let\u00fcnk arr\u00f3l sz\u00f3l, hogy sz\u00e1munkra sokszor ismeretlen embereket \u00edt\u00e9l\u00fcnk el a k\u00fclseje, a cselekedetei, vagy a s\u00falya alapj\u00e1n. Az\u00e9rt, mert a mi \u00e9rt\u00e9krend\u00fcnkbe ez nem f\u00e9r bele. Pont ez\u00e9rt, ha \u00fagy gondoljuk, mi nem szoptatjuk meg a bab\u00e1nkat a bev\u00e1s\u00e1rl\u00f3k\u00f6zpontban, vagy nem vessz\u00fck fel azt a bizonyos miniszokny\u00e1t.\u00a0<\/p>\r\n<p>Mi\u00e9rt \u00e9rezz\u00fck \u00fagy, hogy jogunkban \u00e1ll b\u00e1rkit min\u0151s\u00edteni, beskatuly\u00e1zni az\u00e9rt, mert \u0151 valamit m\u00e1sk\u00e9nt gondol, mint mi? A tolerancia, az elfogad\u00e1s kult\u00far\u00e1ja sajnos m\u00e9g mindig csak az elm\u00e9leti szinten l\u00e9tezik. Mindannyian m\u00e1sok vagyunk, m\u00e1s tulajdons\u00e1gokkal sz\u00fclett\u00fcnk \u00e9s m\u00e1s \u00e9rt\u00e9krend alapj\u00e1n \u00e9l\u00fcnk. Mindenkinek joga van v\u00e9lem\u00e9nyt nyilv\u00e1n\u00edtani kult\u00far\u00e1lt \u00e9s elfogadhat\u00f3 form\u00e1ban. A v\u00e9lem\u00e9ny nem arr\u00f3l sz\u00f3l, hogy a m\u00e1sikat a f\u00f6ldbe d\u00f6ng\u00f6lj\u00fck, hanem arr\u00f3l, hogy elmondjuk, mi mi\u00e9rt, \u00e9s hogyan l\u00e1tjuk \u00fagy a dolgokat, ahogyan l\u00e1tjuk, mindezt \u00fagy, hogy a m\u00e1sik felet tiszteletben tartjuk, \u00e9s elfogadjuk, hogy \u0151 m\u00e1sk\u00e9nt gondolkozik egy adott t\u00e9m\u00e1ban. Ezzel nincs is semmi baj. A v\u00e9lem\u00e9nyalkot\u00e1s c\u00e9lja nem az, hogy meggy\u0151zz\u00fcnk m\u00e1sokat, vagy r\u00e1er\u0151ltess\u00fck b\u00e1rki m\u00e1sra a saj\u00e1t \u00e9rt\u00e9krend\u00fcnket.\u00a0<\/p>\r\n<p>Az elfogad\u00e1s manaps\u00e1g nem t\u00fal gyakori jelens\u00e9g. L\u00e1tunk valakit sz\u00e1munkra el\u00edt\u00e9lend\u0151 \u00f6lt\u00f6z\u00e9kben? Akkor maximum mi nem vessz\u00fck fel azt a ruh\u00e1t, de engedtess\u00e9k meg b\u00e1rkinek, hogy azt viselje, ami a st\u00edlus\u00e1nak \u00e9s \u00edzl\u00e9s\u00e9nek megfelel\u0151. Mi\u00e9rt h\u00e1borodunk fel azon, ha a szomsz\u00e9dunk egy h\u00e9ten bel\u00fcl m\u00e1r a 4. \u00faj pasit viszi fel mag\u00e1hoz? Ett\u0151l nek\u00fcnk jobb\/rosszabb lett? Az \u0151 \u00e9lete, az \u0151 tettei, ahogy a k\u00f6vetkezm\u00e9nyekkel is neki kell sz\u00e1molnia. Nem a mi dolgunk. A bar\u00e1tn\u0151nk \u00f6sszej\u00f6tt egy n\u00e1la 20 \u00e9vvel id\u0151sebb f\u00e9rfival? Nek\u00fcnk ebb\u0151l milyen h\u00e1tr\u00e1nyunk sz\u00e1rmazik? El\u00edt\u00e9lj\u00fck, ugye? Milyen alapon? Megl\u00e1tunk egy n\u00e1lunk j\u00f3val nehezebb \u00e9s husisabb n\u0151t? Lek\u00f6v\u00e9rezed, ugye? Vagy tal\u00e1n undor\u00edt\u00f3nak tal\u00e1lod. Mi\u00e9rt? Nem te viseled azt a testet. Arra nem is gondolt\u00e1l, hogy neki \u00edgy j\u00f3, igaz?<\/p>\r\n<p>Nincs jogunk m\u00e1sokat meg\u00edt\u00e9lni, min\u0151s\u00edteni, csak az\u00e9rt, mert a mi \u00e9rt\u00e9krend\u00fcnk ett\u0151l elt\u00e9r. Akkor \u00e9lj\u00fcnk \u00fagy, hogy nek\u00fcnk megfelel, de tanuljuk m\u00e1r meg elfogadni azt, hogy m\u00e1sok vagyunk, m\u00e1sk\u00e9nt gondolkodunk, m\u00e1s az \u00e9rt\u00e9krend\u00fcnk \u00e9s ne b\u00e1ntsunk ez\u00e9rt m\u00e1sokat.<\/p>","type":"rich"}