{"version":"1.0","provider_name":"Var\u00e1zsdoboz","provider_url":"https:\/\/varazsdoboz.cafeblog.hu","author_name":"Kinga","author_url":"https:\/\/varazsdoboz.cafeblog.hu\/author\/kingasziroviczagmail-com\/","title":"R\u00f3lam &amp; a blogr\u00f3l","html":"<p><a href=\"https:\/\/varazsdoboz.cafeblog.hu\/files\/2015\/05\/SEMINYAK-BALI-INDONESIA.png\"><img class=\"aligncenter size-large wp-image-587\" src=\"https:\/\/varazsdoboz.cafeblog.hu\/files\/2015\/05\/SEMINYAK-BALI-INDONESIA-400x600.png\" alt=\"SEMINYAK - BALI - INDONESIA\" width=\"400\" height=\"600\" \/><\/a><\/p>\r\n<p>Szia!\u00a0A nevem Kinga, \u00e9s ez a blogom. :)\u00a0Az \u00edr\u00e1s r\u00e9g\u00f3ta az \u00e9letem r\u00e9sze, gyakorlatilag m\u00e1r kisiskol\u00e1sk\u00e9nt bontogattama sz\u00e1rnyaimat, \u00e9s kisebb novell\u00e1kkal, mes\u00e9kkel pr\u00f3b\u00e1lkoztam. A lelkesed\u00e9sem azonban hamar al\u00e1bbhagyott, \u00edgy ink\u00e1bb mondhatom, hogy \u00edrogattam - ezt, azt -, a saj\u00e1t \u00f6r\u00f6m\u00f6mre, az alkot\u00e1s szellem\u00e9ben. Majd a gimn\u00e1zium\u00a0\u00e9s a tin\u00e9dzserkor hat\u00e1s\u00e1ra\u00a0sokat v\u00e1ltoztam - elindultam a feln\u0151tt\u00e9 v\u00e1l\u00e1s r\u00f6g\u00f6s \u00fatj\u00e1n, \u00e9s a szenved\u00e9ly is al\u00e1bb hagyott az \u00edr\u00e1s ut\u00e1n. Majd amikor t\u00e9nylegesen feln\u0151tt\u00e9 v\u00e1ltam, felr\u00e9mlett bennem a gondolat, hogy sokakkal ellent\u00e9tben \u00fagyszeretn\u00e9m le\u00e9lni az \u00e9letemet, hogy meg\u00e9lem annak minden pillanat\u00e1t, \u00e9s ehhez elengedhetetlen, hogy az \u00e9letem r\u00e9sz\u00e9v\u00e9 tegyem mindazokat a dolgokat\/tev\u00e9kenys\u00e9geket, melyek sz\u00e1momra \u00f6r\u00f6met okoznak. \u00cdgy sz\u00fcletett meg a Var\u00e1zsdoboz. Voltak id\u0151szakok, amikor nem tudtam rendszeresen friss\u00edteni, \u00e9s bevallom, ilyenkor borzaszt\u00f3an lelkiismeret furdal\u00e1som volt: Nem az\u00e9rt, mert f\u00e9ltem, mit gondolnak majd az olvas\u00f3im, hanem az\u00e9rt, mert \u00fagy \u00e9reztem, valami hi\u00e1nyzik, valamelyik darabja hi\u00e1nyzik a kirak\u00f3snak. Azt\u00e1n \u00fagy alakult az \u00e9letem, hogy egy hosszabb m\u00e9lypont ut\u00e1n siker\u00fclt be\u00e9p\u00edtenem a mindennapjaimba az alkot\u00e1s m\u0171v\u00e9szet\u00e9t - az\u00f3ta igyekszem rendszeresen friss\u00edteni.<\/p>\r\n<p>A blogom egyik alapelve, hogy csak olyan t\u00e9m\u00e1ban \u00edrok, amihez hitelesen hozz\u00e1 tudok sz\u00f3lni. Csak akkor \u00edrok, ha van, amir\u0151l sz\u00edvesen megosztan\u00e1m a gondolataimat: Ez\u00e9rt van, hogy bizonyos napokon ak\u00e1r t\u00f6bbsz\u00f6r is friss\u00edtek, de akadnak id\u0151szakok, amikor csak 4 naponta jelentkezem \u00faj bejegyz\u00e9ssel. A blog megnevez\u00e9ssel is ellens\u00e9geskedem: Sz\u00e1momra a blog elnevez\u00e9s az internetes napl\u00f3 defin\u00edci\u00f3ja. Ezzel le lehetne \u00e1llni vitatkozni, de \u00e9n sz\u00edvesebben nevezn\u00e9m ezt a fel\u00fcletet egy online magazinnak, mint napl\u00f3nak.<\/p>\r\n<p><strong><span style=\"color: #ff6600\">Mi ez a blog val\u00f3j\u00e1ban?<\/span><\/strong><\/p>\r\n<p>Az a c\u00e9lom, hogy a saj\u00e1t tapasztalataimat alapul v\u00e9ve seg\u00edtsek azoknak az embereknek, akik hozz\u00e1m hasonl\u00f3an szeretn\u00e9k meg\u00e9lni az \u00e9let\u00fck minden pillanat\u00e1t. Akik arra v\u00e1gynak, hogy az \u00e9let\u00fck ne k\u00fczdelem \u00e9s harc legyen az elemekkel, hanem egy vid\u00e1m, inspir\u00e1l\u00f3, \u00f6nfejleszt\u0151 \u00fat, melynek c\u00e9lja a boldogs\u00e1g. Naponta panaszkodnak az emberek egym\u00e1snak, naponta sz\u00fcletnek konfliktusok \u00e9s f\u00e9lre\u00e9rt\u00e9sek, csal\u00f3d\u00e1sok \u00e9s szomor\u00fa pillanatok - m\u00e1r fiatalon eld\u00f6nt\u00f6ttem, hogy \u00e9n nem \u00edgy szeretn\u00e9m le\u00e9lni az \u00e9letemet. Tudatosan igyekszem a h\u00e9tk\u00f6znapjaimat \u00e9lhet\u0151v\u00e9, \u00f6r\u00f6mteljess\u00e9 tenni \u00e9s ezeket a tapasztalatokat szeretn\u00e9m megosztani az olvas\u00f3immal. Ha m\u00e1r csak egy olvas\u00f3 \u00f6tletet mer\u00edt az egyik tan\u00e1csomb\u00f3l, vagy ak\u00e1r csak egy percre elgondolkodtatja az, akkor nekem m\u00e1r meg\u00e9rte, hogy ide \u00edrjam <em>magam.<\/em>\u00a0<\/p>\r\n<p>A blog t\u00e9m\u00e1i igencsak sz\u00ednesek: Lesz itt sz\u00f3 l\u00e9lekr\u0151l, szerelemr\u0151l, h\u00e9tk\u00f6znapokr\u00f3l, h\u00e1zimunk\u00e1r\u00f3l, rendszerez\u00e9sr\u0151l \u00e9s id\u0151beoszt\u00e1sr\u00f3l - de lesznek inspir\u00e1l\u00f3 bejegyz\u00e9sek, \u00f6tletek, \u00e9s felh\u00edv\u00e1sok -, de \u00e1ltal\u00e1ban azokr\u00f3l a dolgokr\u00f3l lesz sz\u00f3, melyek engem aktu\u00e1lisan foglalkoztatnak, \u00edgy \u00e9rdemben hozz\u00e1 tudok sz\u00f3lni a t\u00e9m\u00e1hoz. Nem k\u00f6vetem a bort iszik, vizet pr\u00e9dik\u00e1l alapelvet - a legt\u00f6bb \u00f6tletet a saj\u00e1t \u00e9letemb\u0151l \u00e9s fejemb\u0151l mer\u00edtem, \u00e9s ha \u00fagy \u00e9rzem, megfelel\u0151 tapasztalattal rendelkezem a t\u00e9m\u00e1ban \u00e9s a m\u00f3dszer nekem bev\u00e1lt, megosztom veletek is.<\/p>\r\n<p><span style=\"color: #ff6600\"><strong>Ki vagyok \u00e9n?<\/strong><\/span><\/p>\r\n<p>Ausztria egy csod\u00e1latos vid\u00e9k\u00e9n \u00e9lek az 1 \u00e9ves t\u00f6rpenyulammal, Gy\u00f6mb\u00e9rrel. Hegyvid\u00e9ken, k\u00e1pr\u00e1zatos k\u00f6rnyezetben dolgozom egy kis csal\u00e1di v\u00e1llalkoz\u00e1sban,\u00a0melyet a harm\u00f3nia \u00e9s az egym\u00e1s ir\u00e1nti tisztelet, a becs\u00fclet \u00e9s az \u0151szintes\u00e9g jellemez. Emellett levelez\u0151 k\u00e9pz\u00e9sen tanulok a P\u00e9csi Tudom\u00e1nyegyetem K\u00f6zgazdas\u00e1g Tudom\u00e1nyi szak\u00e1n, \u00edgy szabadid\u0151mben igyekszem elsaj\u00e1t\u00edtani a k\u00f6nyvel\u00e9s \u00e9s a statisztika mik\u00e9ntj\u00e9t \u00e9s hogyanj\u00e1t.\u00a0Hiszek a tudatoss\u00e1g erej\u00e9ben, az \u0151szintes\u00e9gben \u00e9s abban, hogy az \u00e9letemet \u00e9n alak\u00edtom. Hiszek abban, hogy az \u00e9let okkal g\u00f6rd\u00edti el\u00e9nk az akad\u00e1lyokat, \u00e9s ezeket csak mi magunk tudjuk megl\u00e9pni - azzal az okkal, hogy tanuljunk ism\u00e9t valamit magunkr\u00f3l. Fontos sz\u00e1momra az \u00f6nismeret \u00e9s a folyamatos fejl\u0151d\u00e9s - hiszen az ember holtig tanul.<\/p>\r\n<p>A kreativit\u00e1s, a tud\u00e1sszomj mindig is az \u00e9letem r\u00e9sze volt. Szeretem az inspir\u00e1l\u00f3 gondolatokat, a j\u00f3 k\u00f6nyveket, az ig\u00e9nyes \u00edr\u00e1sokat, az elgondolodtat\u00f3 filmeket. A te\u00e1t, a k\u00e1v\u00e9t, a bablevest. Zen\u00e9t, ami az aktu\u00e1lis hangulatomhoz igazodik: N\u00e9ha a legjobb fesz\u00fclts\u00e9gold\u00e1s egy nagy b\u0151g\u00e9s. Tudatosan \u00e9lem az \u00e9letem: Nem gondolkodok, \u00e9s stresszelek feleslegesen. Igyekszem az \u00e9letemet tet\u0151t\u0151l talpig megszervezni, t\u00f6rekszem a megfelel\u0151 \u00e9s hat\u00e9kony id\u0151beoszt\u00e1sra \u00e9s igyekszem \u00fagy ir\u00e1ny\u00edtani a sorsomat, hogy mindig egyens\u00falyban legyek \u00f6nmagammal \u00e9s a vil\u00e1ggal. Tal\u00e1n \u00fagy tudn\u00e1m megfogalmazni t\u00f6m\u00f6ren, hogy az \u00e9let minden ter\u00fclet\u00e9n az egyens\u00falyra \u00e9s a harm\u00f3ni\u00e1ra t\u00f6rekszem. Az \u00e9let adta a lehet\u0151s\u00e9get, de az utat \u00e9n v\u00e1lasztottam ki magamnak - \u00e9s \u00edgy t\u00f6bb \u00e9v t\u00e1vlat\u00e1b\u00f3l is azt mondom, meg\u00e9rte.<\/p>\r\n<p><span style=\"color: #ff6600\"><strong>A blog haszn\u00e1lata<\/strong><\/span><\/p>\r\n<p>A blog alapvet\u0151en a tudatos \u00e9letm\u00f3d \u00e9s az egyens\u00falyra val\u00f3 t\u00f6rekv\u00e9s t\u00e9m\u00e1j\u00e1ban \u00edr\u00f3dik - mondhatn\u00e1m az is (\u00e9s szeretem is ezt a kifejez\u00e9st haszn\u00e1lni), hogy ez itt egy \u00e9letm\u00f3d-magazin. :) A fejl\u00e9c alatti men\u00fcb\u0151l v\u00e1laszthatod ki azokat a pontokat, melyek \u00e9rdekelnek, \u00edgy csoportos\u00edtva l\u00e1thatod az adott kateg\u00f3ri\u00e1ban \u00edrt cikkeimet. Ha id\u0151rendben haladn\u00e1l, a jobb oldali s\u00e1vban tal\u00e1lod az arch\u00edvumot, ahol id\u0151rendbe bontva b\u00f6ng\u00e9szhetsz a blogon. Az oldals\u00e1vban a keres\u0151 is helyet kapott, ha egy bizonyos sz\u00f3ra, kifejez\u00e9sre keresn\u00e9l r\u00e1. A c\u00edmk\u00e9k k\u00f6z\u00f6tt v\u00e1logatva c\u00e9lzottan juthatsz el az \u00e1ltalad keresett t\u00e9mak\u00f6r\u00f6kh\u00f6z. A blog a Facebookon is szerepel, ha tetszik, amit csin\u00e1lok, k\u00e9rlek\u00a0kattints a jobb oldali s\u00e1vban tal\u00e1lhat\u00f3 dobozban a Tetszik gombra.<\/p>\r\n<p><span style=\"color: #ff6600\"><strong>Statisztika:<\/strong><\/span><\/p>\r\n<p>\u00d6sszesen az indul\u00e1s \u00f3ta <span style=\"color: #ff99cc\">9132<\/span>-en kattintottatok a blogra. A blog legjobb napja 2015. \u00e1prilis elsej\u00e9n volt: Ezen a napon <span style=\"color: #ff99cc\">1289<\/span> egy\u00e9ni l\u00e1togat\u00f3 olvasta a blogot. K\u00f6sz\u00f6n\u00f6m!<\/p>\r\n<p><strong><span style=\"color: #ff99cc\">K\u00f6sz\u00f6ntelek a blogomon!<\/span><\/strong><\/p>","type":"rich"}